{"id":73271,"date":"2023-02-27T11:14:54","date_gmt":"2023-02-27T11:14:54","guid":{"rendered":"https:\/\/adriastone.com\/property\/two-bedroom-apartment-in-tq-plaza-for-sale-budva\/"},"modified":"2023-02-27T11:27:48","modified_gmt":"2023-02-27T11:27:48","slug":"dvosoban-stan-tq-plaza-centar-budva","status":"publish","type":"property","link":"https:\/\/adriastone.com\/bs\/property\/dvosoban-stan-tq-plaza-centar-budva\/","title":{"rendered":"Dvosoban stan u TQ Plazi centar, Budva"},"content":{"rendered":"<p>Potpuno namje\u0161ten 2-soban stan sa pogledom na more i dizajnerskim enterijerom u strogom centru Budve, na samo nekoliko koraka od rive, Starog grada Budve i marine za jahte.<\/p>\n<p>Stan je uknji\u017een kao poslovni prostor, \u0161to ga \u010dini idealnom opcijom da se koristi kao ku\u0107na kancelarija \u2013 na njenoj adresi se mo\u017ee registrovati firma, a mo\u017ee se kombinovati \u017eivot i rad na jednom mestu. Idealno rje\u0161enje za preduzetnike koji zapo\u010dinju svoj posao u Crnoj Gori, freelancere, itd.<\/p>\n<p>Lokacija je najpovoljnija u gradu \u2013 u istom kompleksu se nalazi nekoliko dr\u017eavnih organa \u2013 filijala MUP-a Budva, zemlji\u0161ne knjige, ekspoziture banke. U neposrednoj blizini \u2013 notari, op\u0161tina Budva, banke, restorani itd. TQ Plaza je renomiran projekat u Budvi i veoma dobro prihva\u0107en od strane klijenata i partnera.<\/p>\n<p>Ovaj potpuno namje\u0161ten 2-soban stan nalazi se na 3. spratu multifunkcionalnog kompleksa TQ Plaza u srcu Budve. Stan ima direktan pogled na more na Budvanski zaliv. Ima prostrane terase i panoramske prozore koji otkrivaju zadivljuju\u0107i pogled. Visina plafona je 3 m.<\/p>\n<p>Unutra\u0161nja povr\u0161ina stana je 78 m2, plus velika terasa od 17 m2 na koju se izlazi iz obje spava\u0107e sobe, ukupne povr\u0161ine 95 m2. Stan se sastoji od dvije spava\u0107e sobe, komfornog dnevnog boravka i blagovaonice sa kuhinjom, velikog kupatila. Stan je kompletno namje\u0161ten i opremljen visokokvalitetnim aparatima. TV ravnog ekrana dostupan u dnevnom boravku i glavnoj spava\u0107oj sobi; Kuhinja je opremljena elektri\u010dnim sporetom, rernom i masinom za sudje.<\/p>\n<p>Kupatilo ima tu\u0161 kabinu, lavabo, WC, i bide, ma\u0161inu za ve\u0161. Glavna spava\u0107a soba je opremljena francuskim krevetom, ormarom i TV-om. Druga spava\u0107a soba ima dva odvojena kreveta i ormar.<br \/>\nNekretnina dodatno ima koristi od centraliziranog sistema hla\u0111enja i grijanja; brzi be\u017ei\u010dni internet, video interfon i kablovska TV.<\/p>\n<p>Multifunkcionalni kompleks TQ Plaza po lokaciji i kvalitetu gradnje nema vr\u0161njaka na tr\u017ei\u0161tu premium nekretnina u Budvi. Kompleks ima povr\u0161inu ve\u0107u od 55.000 m2, smje\u0161ten na 7 spratova. Kompleksni sadr\u017eaji obuhvataju podzemnu gara\u017eu, kafi\u0107e i restorane, tr\u017eni centar, supermarket, poslovni prostor, bioskop, fitnes &amp; SPA, i hotel sa 4 zvezdice. Kompleks se nalazi na samo 100 m od mora, u neposrednoj blizini Starog grada Budve, marine za jahte i nekoliko pje\u0161\u010danih pla\u017ea. Kompleks je obezbe\u0111en obezbe\u0111enjem, ima video nadzor i protivpo\u017earni alarm. Njime upravlja profesionalna kompanija za upravljanje imovinom.<\/p>\n","protected":false},"excerpt":{"rendered":"<p>Potpuno namje\u0161ten 2-soban stan sa pogledom na more i dizajnerskim enterijerom u strogom centru Budve, na samo nekoliko koraka od rive, Starog grada Budve i marine za jahte. Stan je uknji\u017een kao poslovni prostor, \u0161to ga \u010dini idealnom opcijom da se koristi kao ku\u0107na kancelarija \u2013 na njenoj adresi se mo\u017ee registrovati firma, a mo\u017ee [&hellip;]<\/p>\n","protected":false},"author":1,"featured_media":73256,"parent":0,"menu_order":0,"template":"","property_type":[227],"property_status":[228],"property_feature":[614,616,624,623,626,625,318,283,231,307,236,230,232,262,635,620,273,233,292,257,818,773,234,268,551,237],"property_label":[562,604,557,564,544],"property_country":[],"property_state":[],"property_city":[238],"property_area":[239],"class_list":["post-73271","property","type-property","status-publish","has-post-thumbnail","hentry","property_type-stan-bs","property_status-prodaja","property_feature-alarm-bs","property_feature-asfaltirani-prilaz","property_feature-blizu-autobuske-stanice","property_feature-blizu-doma-zdravlja","property_feature-blizu-skole","property_feature-blizu-vrtica","property_feature-fen","property_feature-frizider","property_feature-garaza","property_feature-interfon","property_feature-tv-cable-bs","property_feature-klima","property_feature-lift-bs","property_feature-masina-za-ves","property_feature-obezbjedjenje","property_feature-opremljena-kuhinja","property_feature-pogled-na-brdo","property_feature-pogleda-na-more","property_feature-pogled-na-ostrvo","property_feature-prijava-gradnje","property_feature-first-zone-bs","property_feature-recepcija","property_feature-smart-house-bs","property_feature-teretana","property_feature-video-nadyor","property_feature-wifi-bs","property_label-blizu-mora","property_label-blizu-starog-grada","property_label-centar","property_label-ekskluzivna-lokacija","property_label-pogled-na-more","property_city-budva-bs-2","property_area-centar-bs"],"property_meta":{"_wpml_word_count":["{\"total\":436,\"to_translate\":{\"en\":436,\"ru\":436}}"],"_wpml_media_featured":["1"],"_wpml_media_duplicate":["1"],"_wpml_location_migration_done":["1"],"_yoast_wpseo_focuskw":["stan centar budva"],"_yoast_wpseo_metadesc":["Na prodaju dvosoban stan u TQ PLAZA, u srcu grada, Budva. Namje\u0161ten, sa pogledom na more u zgradi sa teretanom, trgovinama..."],"_yoast_wpseo_linkdex":["63"],"_yoast_wpseo_content_score":["60"],"_yoast_wpseo_estimated-reading-time-minutes":["2"],"_yoast_wpseo_wordproof_timestamp":[""],"fave_property_price":["369000"],"fave_property_size":["95"],"fave_property_bedrooms":["2"],"fave_property_bathrooms":["1"],"fave_property_id":["73186"],"fave_floor":["3"],"fave_property_map":["1"],"fave_property_map_address":["Budva, Budva Municipality, Montenegro"],"fave_property_location":["42.284054304523,18.837649703709,18"],"houzez_geolocation_lat":["42.284054304523"],"houzez_geolocation_long":["18.837649703709"],"fave_property_map_street_view":["hide"],"fave_loggedintoview":["0"],"fave_agent_display_option":["agent_info"],"fave_prop_homeslider":["no"],"houzez_manual_expire":["0"],"_houzez_expiration_date_status":["saved"],"_yoast_wpseo_primary_property_type":["13"],"_yoast_wpseo_primary_property_status":["23"],"_yoast_wpseo_primary_property_feature":["12"],"_yoast_wpseo_primary_property_label":["556"],"_yoast_wpseo_primary_property_city":["91"],"_yoast_wpseo_primary_property_area":["136"],"fave_private_note":["Preko Antona, 4%"],"_edit_lock":["1677497154:1"],"_edit_last":["1"],"fave_property_images":["73217","73256","73265","73220","73223","73226","73229","73232","73235","73190","73193","73196","73199","73202","73205","73208","73211","73238","73241","73244","73247","73250","73253","73259","73262","73187"],"fave_agents":["3643"],"fave_featured":["0"],"fave_single_top_area":["global"],"fave_single_content_area":["global"],"_last_translation_edit_mode":["native-editor"],"houzez_total_property_views":["635"],"houzez_views_by_date":["a:61:{s:10:\"01-20-2026\";i:2;s:10:\"01-21-2026\";i:1;s:10:\"01-22-2026\";i:1;s:10:\"01-23-2026\";i:1;s:10:\"01-24-2026\";i:2;s:10:\"01-26-2026\";i:1;s:10:\"01-28-2026\";i:2;s:10:\"01-30-2026\";i:2;s:10:\"02-02-2026\";i:1;s:10:\"02-03-2026\";i:1;s:10:\"02-04-2026\";i:2;s:10:\"02-05-2026\";i:1;s:10:\"02-07-2026\";i:3;s:10:\"02-08-2026\";i:3;s:10:\"02-09-2026\";i:2;s:10:\"02-11-2026\";i:2;s:10:\"02-12-2026\";i:1;s:10:\"02-13-2026\";i:1;s:10:\"02-15-2026\";i:2;s:10:\"02-16-2026\";i:3;s:10:\"02-17-2026\";i:2;s:10:\"02-20-2026\";i:3;s:10:\"02-22-2026\";i:2;s:10:\"02-23-2026\";i:4;s:10:\"02-24-2026\";i:3;s:10:\"02-25-2026\";i:1;s:10:\"02-27-2026\";i:2;s:10:\"02-28-2026\";i:2;s:10:\"03-01-2026\";i:2;s:10:\"03-04-2026\";i:1;s:10:\"03-05-2026\";i:2;s:10:\"03-06-2026\";i:1;s:10:\"03-08-2026\";i:2;s:10:\"03-13-2026\";i:2;s:10:\"03-14-2026\";i:2;s:10:\"03-15-2026\";i:1;s:10:\"03-17-2026\";i:3;s:10:\"03-18-2026\";i:1;s:10:\"03-20-2026\";i:1;s:10:\"03-21-2026\";i:1;s:10:\"03-23-2026\";i:1;s:10:\"03-24-2026\";i:1;s:10:\"03-25-2026\";i:3;s:10:\"03-26-2026\";i:1;s:10:\"03-27-2026\";i:1;s:10:\"03-28-2026\";i:1;s:10:\"03-30-2026\";i:1;s:10:\"03-31-2026\";i:3;s:10:\"04-03-2026\";i:2;s:10:\"04-06-2026\";i:1;s:10:\"04-07-2026\";i:1;s:10:\"04-08-2026\";i:1;s:10:\"04-09-2026\";i:2;s:10:\"04-12-2026\";i:2;s:10:\"04-14-2026\";i:2;s:10:\"04-17-2026\";i:4;s:10:\"04-20-2026\";i:1;s:10:\"04-21-2026\";i:1;s:10:\"04-26-2026\";i:2;s:10:\"04-28-2026\";i:2;s:10:\"04-29-2026\";i:1;}"],"houzez_recently_viewed":["2026-04-29 15:47:06"],"_thumbnail_id":["73256"],"_elementor_page_assets":["a:0:{}"]},"yoast_head":"<!-- This site is optimized with the Yoast SEO plugin v25.6 - https:\/\/yoast.com\/wordpress\/plugins\/seo\/ -->\n<title>Dvosoban stan u TQ Plazi centar, Budva - Adria Stone<\/title>\n<meta name=\"description\" content=\"Na prodaju dvosoban stan u TQ PLAZA, u srcu grada, Budva. Namje\u0161ten, sa pogledom na more u zgradi sa teretanom, trgovinama...\" \/>\n<meta name=\"robots\" content=\"index, follow, max-snippet:-1, max-image-preview:large, max-video-preview:-1\" \/>\n<link rel=\"canonical\" href=\"https:\/\/adriastone.com\/bs\/property\/dvosoban-stan-tq-plaza-centar-budva\/\" \/>\n<meta property=\"og:locale\" content=\"bs_BA\" \/>\n<meta property=\"og:type\" content=\"article\" \/>\n<meta property=\"og:title\" content=\"Dvosoban stan u TQ Plazi centar, Budva - Adria Stone\" \/>\n<meta property=\"og:description\" content=\"Na prodaju dvosoban stan u TQ PLAZA, u srcu grada, Budva. Namje\u0161ten, sa pogledom na more u zgradi sa teretanom, trgovinama...\" \/>\n<meta property=\"og:url\" content=\"https:\/\/adriastone.com\/bs\/property\/dvosoban-stan-tq-plaza-centar-budva\/\" \/>\n<meta property=\"og:site_name\" content=\"Adria Stone\" \/>\n<meta property=\"article:publisher\" content=\"https:\/\/www.facebook.com\/AdriaStoneBudva\/\" \/>\n<meta property=\"article:modified_time\" content=\"2023-02-27T11:27:48+00:00\" \/>\n<meta property=\"og:image\" content=\"https:\/\/adriastone.com\/wp-content\/uploads\/2023\/02\/apartment-for-sale-adriastone.com_24-1.jpg\" \/>\n\t<meta property=\"og:image:width\" content=\"1150\" \/>\n\t<meta property=\"og:image:height\" content=\"765\" \/>\n\t<meta property=\"og:image:type\" content=\"image\/jpeg\" \/>\n<meta name=\"twitter:card\" content=\"summary_large_image\" \/>\n<meta name=\"twitter:site\" content=\"@AdriaStoneMNE\" \/>\n<meta name=\"twitter:label1\" content=\"Est. reading time\" \/>\n\t<meta name=\"twitter:data1\" content=\"2 minute\" \/>\n<script type=\"application\/ld+json\" class=\"yoast-schema-graph\">{\"@context\":\"https:\/\/schema.org\",\"@graph\":[{\"@type\":\"WebPage\",\"@id\":\"https:\/\/adriastone.com\/bs\/property\/dvosoban-stan-tq-plaza-centar-budva\/\",\"url\":\"https:\/\/adriastone.com\/bs\/property\/dvosoban-stan-tq-plaza-centar-budva\/\",\"name\":\"Dvosoban stan u TQ Plazi centar, Budva - Adria Stone\",\"isPartOf\":{\"@id\":\"https:\/\/adriastone.com\/ru\/#website\"},\"primaryImageOfPage\":{\"@id\":\"https:\/\/adriastone.com\/bs\/property\/dvosoban-stan-tq-plaza-centar-budva\/#primaryimage\"},\"image\":{\"@id\":\"https:\/\/adriastone.com\/bs\/property\/dvosoban-stan-tq-plaza-centar-budva\/#primaryimage\"},\"thumbnailUrl\":\"https:\/\/adriastone.com\/wp-content\/uploads\/2023\/02\/apartment-for-sale-adriastone.com_24-1.jpg\",\"datePublished\":\"2023-02-27T11:14:54+00:00\",\"dateModified\":\"2023-02-27T11:27:48+00:00\",\"description\":\"Na prodaju dvosoban stan u TQ PLAZA, u srcu grada, Budva. Namje\u0161ten, sa pogledom na more u zgradi sa teretanom, trgovinama...\",\"breadcrumb\":{\"@id\":\"https:\/\/adriastone.com\/bs\/property\/dvosoban-stan-tq-plaza-centar-budva\/#breadcrumb\"},\"inLanguage\":\"bs-BA\",\"potentialAction\":[{\"@type\":\"ReadAction\",\"target\":[\"https:\/\/adriastone.com\/bs\/property\/dvosoban-stan-tq-plaza-centar-budva\/\"]}]},{\"@type\":\"ImageObject\",\"inLanguage\":\"bs-BA\",\"@id\":\"https:\/\/adriastone.com\/bs\/property\/dvosoban-stan-tq-plaza-centar-budva\/#primaryimage\",\"url\":\"https:\/\/adriastone.com\/wp-content\/uploads\/2023\/02\/apartment-for-sale-adriastone.com_24-1.jpg\",\"contentUrl\":\"https:\/\/adriastone.com\/wp-content\/uploads\/2023\/02\/apartment-for-sale-adriastone.com_24-1.jpg\",\"width\":1150,\"height\":765},{\"@type\":\"BreadcrumbList\",\"@id\":\"https:\/\/adriastone.com\/bs\/property\/dvosoban-stan-tq-plaza-centar-budva\/#breadcrumb\",\"itemListElement\":[{\"@type\":\"ListItem\",\"position\":1,\"name\":\"Home\",\"item\":\"https:\/\/adriastone.com\/\"},{\"@type\":\"ListItem\",\"position\":2,\"name\":\"Properties\",\"item\":\"https:\/\/adriastone.com\/property\/\"},{\"@type\":\"ListItem\",\"position\":3,\"name\":\"Dvosoban stan u TQ Plazi centar, Budva\"}]},{\"@type\":\"WebSite\",\"@id\":\"https:\/\/adriastone.com\/ru\/#website\",\"url\":\"https:\/\/adriastone.com\/ru\/\",\"name\":\"Adria Stone\",\"description\":\"Nekretnine\",\"publisher\":{\"@id\":\"https:\/\/adriastone.com\/ru\/#organization\"},\"potentialAction\":[{\"@type\":\"SearchAction\",\"target\":{\"@type\":\"EntryPoint\",\"urlTemplate\":\"https:\/\/adriastone.com\/ru\/?s={search_term_string}\"},\"query-input\":{\"@type\":\"PropertyValueSpecification\",\"valueRequired\":true,\"valueName\":\"search_term_string\"}}],\"inLanguage\":\"bs-BA\"},{\"@type\":\"Organization\",\"@id\":\"https:\/\/adriastone.com\/ru\/#organization\",\"name\":\"Adria Stone\",\"url\":\"https:\/\/adriastone.com\/ru\/\",\"logo\":{\"@type\":\"ImageObject\",\"inLanguage\":\"bs-BA\",\"@id\":\"https:\/\/adriastone.com\/ru\/#\/schema\/logo\/image\/\",\"url\":\"https:\/\/adriastone.com\/wp-content\/uploads\/2019\/11\/Logo_Adria_Stone_blue.png\",\"contentUrl\":\"https:\/\/adriastone.com\/wp-content\/uploads\/2019\/11\/Logo_Adria_Stone_blue.png\",\"width\":1436,\"height\":1362,\"caption\":\"Adria Stone\"},\"image\":{\"@id\":\"https:\/\/adriastone.com\/ru\/#\/schema\/logo\/image\/\"},\"sameAs\":[\"https:\/\/www.facebook.com\/AdriaStoneBudva\/\",\"https:\/\/x.com\/AdriaStoneMNE\",\"https:\/\/www.instagram.com\/adriastone_property\/\",\"https:\/\/me.linkedin.com\/company\/adria-stone-montenegro\"]}]}<\/script>\n<!-- \/ Yoast SEO plugin. -->","yoast_head_json":{"title":"Dvosoban stan u TQ Plazi centar, Budva - Adria Stone","description":"Na prodaju dvosoban stan u TQ PLAZA, u srcu grada, Budva. Namje\u0161ten, sa pogledom na more u zgradi sa teretanom, trgovinama...","robots":{"index":"index","follow":"follow","max-snippet":"max-snippet:-1","max-image-preview":"max-image-preview:large","max-video-preview":"max-video-preview:-1"},"canonical":"https:\/\/adriastone.com\/bs\/property\/dvosoban-stan-tq-plaza-centar-budva\/","og_locale":"bs_BA","og_type":"article","og_title":"Dvosoban stan u TQ Plazi centar, Budva - Adria Stone","og_description":"Na prodaju dvosoban stan u TQ PLAZA, u srcu grada, Budva. Namje\u0161ten, sa pogledom na more u zgradi sa teretanom, trgovinama...","og_url":"https:\/\/adriastone.com\/bs\/property\/dvosoban-stan-tq-plaza-centar-budva\/","og_site_name":"Adria Stone","article_publisher":"https:\/\/www.facebook.com\/AdriaStoneBudva\/","article_modified_time":"2023-02-27T11:27:48+00:00","og_image":[{"width":1150,"height":765,"url":"https:\/\/adriastone.com\/wp-content\/uploads\/2023\/02\/apartment-for-sale-adriastone.com_24-1.jpg","type":"image\/jpeg"}],"twitter_card":"summary_large_image","twitter_site":"@AdriaStoneMNE","twitter_misc":{"Est. reading time":"2 minute"},"schema":{"@context":"https:\/\/schema.org","@graph":[{"@type":"WebPage","@id":"https:\/\/adriastone.com\/bs\/property\/dvosoban-stan-tq-plaza-centar-budva\/","url":"https:\/\/adriastone.com\/bs\/property\/dvosoban-stan-tq-plaza-centar-budva\/","name":"Dvosoban stan u TQ Plazi centar, Budva - Adria Stone","isPartOf":{"@id":"https:\/\/adriastone.com\/ru\/#website"},"primaryImageOfPage":{"@id":"https:\/\/adriastone.com\/bs\/property\/dvosoban-stan-tq-plaza-centar-budva\/#primaryimage"},"image":{"@id":"https:\/\/adriastone.com\/bs\/property\/dvosoban-stan-tq-plaza-centar-budva\/#primaryimage"},"thumbnailUrl":"https:\/\/adriastone.com\/wp-content\/uploads\/2023\/02\/apartment-for-sale-adriastone.com_24-1.jpg","datePublished":"2023-02-27T11:14:54+00:00","dateModified":"2023-02-27T11:27:48+00:00","description":"Na prodaju dvosoban stan u TQ PLAZA, u srcu grada, Budva. Namje\u0161ten, sa pogledom na more u zgradi sa teretanom, trgovinama...","breadcrumb":{"@id":"https:\/\/adriastone.com\/bs\/property\/dvosoban-stan-tq-plaza-centar-budva\/#breadcrumb"},"inLanguage":"bs-BA","potentialAction":[{"@type":"ReadAction","target":["https:\/\/adriastone.com\/bs\/property\/dvosoban-stan-tq-plaza-centar-budva\/"]}]},{"@type":"ImageObject","inLanguage":"bs-BA","@id":"https:\/\/adriastone.com\/bs\/property\/dvosoban-stan-tq-plaza-centar-budva\/#primaryimage","url":"https:\/\/adriastone.com\/wp-content\/uploads\/2023\/02\/apartment-for-sale-adriastone.com_24-1.jpg","contentUrl":"https:\/\/adriastone.com\/wp-content\/uploads\/2023\/02\/apartment-for-sale-adriastone.com_24-1.jpg","width":1150,"height":765},{"@type":"BreadcrumbList","@id":"https:\/\/adriastone.com\/bs\/property\/dvosoban-stan-tq-plaza-centar-budva\/#breadcrumb","itemListElement":[{"@type":"ListItem","position":1,"name":"Home","item":"https:\/\/adriastone.com\/"},{"@type":"ListItem","position":2,"name":"Properties","item":"https:\/\/adriastone.com\/property\/"},{"@type":"ListItem","position":3,"name":"Dvosoban stan u TQ Plazi centar, Budva"}]},{"@type":"WebSite","@id":"https:\/\/adriastone.com\/ru\/#website","url":"https:\/\/adriastone.com\/ru\/","name":"Adria Stone","description":"Nekretnine","publisher":{"@id":"https:\/\/adriastone.com\/ru\/#organization"},"potentialAction":[{"@type":"SearchAction","target":{"@type":"EntryPoint","urlTemplate":"https:\/\/adriastone.com\/ru\/?s={search_term_string}"},"query-input":{"@type":"PropertyValueSpecification","valueRequired":true,"valueName":"search_term_string"}}],"inLanguage":"bs-BA"},{"@type":"Organization","@id":"https:\/\/adriastone.com\/ru\/#organization","name":"Adria Stone","url":"https:\/\/adriastone.com\/ru\/","logo":{"@type":"ImageObject","inLanguage":"bs-BA","@id":"https:\/\/adriastone.com\/ru\/#\/schema\/logo\/image\/","url":"https:\/\/adriastone.com\/wp-content\/uploads\/2019\/11\/Logo_Adria_Stone_blue.png","contentUrl":"https:\/\/adriastone.com\/wp-content\/uploads\/2019\/11\/Logo_Adria_Stone_blue.png","width":1436,"height":1362,"caption":"Adria Stone"},"image":{"@id":"https:\/\/adriastone.com\/ru\/#\/schema\/logo\/image\/"},"sameAs":["https:\/\/www.facebook.com\/AdriaStoneBudva\/","https:\/\/x.com\/AdriaStoneMNE","https:\/\/www.instagram.com\/adriastone_property\/","https:\/\/me.linkedin.com\/company\/adria-stone-montenegro"]}]}},"_links":{"self":[{"href":"https:\/\/adriastone.com\/bs\/wp-json\/wp\/v2\/properties\/73271","targetHints":{"allow":["GET"]}}],"collection":[{"href":"https:\/\/adriastone.com\/bs\/wp-json\/wp\/v2\/properties"}],"about":[{"href":"https:\/\/adriastone.com\/bs\/wp-json\/wp\/v2\/types\/property"}],"author":[{"embeddable":true,"href":"https:\/\/adriastone.com\/bs\/wp-json\/wp\/v2\/users\/1"}],"version-history":[{"count":0,"href":"https:\/\/adriastone.com\/bs\/wp-json\/wp\/v2\/properties\/73271\/revisions"}],"wp:featuredmedia":[{"embeddable":true,"href":"https:\/\/adriastone.com\/bs\/wp-json\/wp\/v2\/media\/73256"}],"wp:attachment":[{"href":"https:\/\/adriastone.com\/bs\/wp-json\/wp\/v2\/media?parent=73271"}],"wp:term":[{"taxonomy":"property_type","embeddable":true,"href":"https:\/\/adriastone.com\/bs\/wp-json\/wp\/v2\/property_type?post=73271"},{"taxonomy":"property_status","embeddable":true,"href":"https:\/\/adriastone.com\/bs\/wp-json\/wp\/v2\/property_status?post=73271"},{"taxonomy":"property_feature","embeddable":true,"href":"https:\/\/adriastone.com\/bs\/wp-json\/wp\/v2\/property_feature?post=73271"},{"taxonomy":"property_label","embeddable":true,"href":"https:\/\/adriastone.com\/bs\/wp-json\/wp\/v2\/property_label?post=73271"},{"taxonomy":"property_country","embeddable":true,"href":"https:\/\/adriastone.com\/bs\/wp-json\/wp\/v2\/property_country?post=73271"},{"taxonomy":"property_state","embeddable":true,"href":"https:\/\/adriastone.com\/bs\/wp-json\/wp\/v2\/property_state?post=73271"},{"taxonomy":"property_city","embeddable":true,"href":"https:\/\/adriastone.com\/bs\/wp-json\/wp\/v2\/property_city?post=73271"},{"taxonomy":"property_area","embeddable":true,"href":"https:\/\/adriastone.com\/bs\/wp-json\/wp\/v2\/property_area?post=73271"}],"curies":[{"name":"wp","href":"https:\/\/api.w.org\/{rel}","templated":true}]}}